{"id":14,"date":"2023-08-01T13:42:04","date_gmt":"2023-08-01T13:42:04","guid":{"rendered":"http:\/\/hausarzt-brackenheim.de\/?page_id=14"},"modified":"2025-05-20T13:52:10","modified_gmt":"2025-05-20T13:52:10","slug":"frau-dr-med-froihofer-html","status":"publish","type":"page","link":"https:\/\/hausarzt-brackenheim.de\/home.html\/ueber-uns-html\/frau-dr-med-froihofer-html","title":{"rendered":"Frau Dr. med. Froihofer"},"content":{"rendered":"\t\t<div data-elementor-type=\"wp-page\" data-elementor-id=\"14\" class=\"elementor elementor-14\" data-elementor-post-type=\"page\">\n\t\t\t\t<div class=\"elementor-element elementor-element-c33b51f e-con-full e-flex e-con e-parent\" data-id=\"c33b51f\" data-element_type=\"container\" data-e-type=\"container\" data-settings=\"{&quot;background_background&quot;:&quot;classic&quot;}\">\n\t\t<div class=\"elementor-element elementor-element-b10cd0c e-con-full e-flex e-con e-child\" data-id=\"b10cd0c\" data-element_type=\"container\" data-e-type=\"container\" data-settings=\"{&quot;background_background&quot;:&quot;classic&quot;}\">\n\t\t\t\t<div class=\"elementor-element elementor-element-8c6a7bf animated-slow elementor-invisible elementor-widget elementor-widget-heading\" data-id=\"8c6a7bf\" data-element_type=\"widget\" data-e-type=\"widget\" data-settings=\"{&quot;_animation&quot;:&quot;fadeInLeft&quot;}\" data-widget_type=\"heading.default\">\n\t\t\t\t<div class=\"elementor-widget-container\">\n\t\t\t\t\t<h2 class=\"elementor-heading-title elementor-size-default\">FRAU DR. FROIHOFER\n<\/h2>\t\t\t\t<\/div>\n\t\t\t\t<\/div>\n\t\t\t\t<div class=\"elementor-element elementor-element-f08a379 elementor-widget elementor-widget-text-editor\" data-id=\"f08a379\" data-element_type=\"widget\" data-e-type=\"widget\" data-widget_type=\"text-editor.default\">\n\t\t\t\t<div class=\"elementor-widget-container\">\n\t\t\t\t\t\t\t\t\t<p><strong>2002-2008:<\/strong> <br \/>Medizinstudium an der Universit\u00e4t T\u00fcbingen<\/p><p><strong>2009:<\/strong> <br \/>Klinische T\u00e4tigkeit an der Klinik Gesundbrunnen Heilbronn<\/p><p><strong>2011-2013:<\/strong> <br \/>Klinische T\u00e4tigkeit am Krankenhaus Brackenheim<\/p><p><strong>2016-2019<\/strong><br \/>\u00c4rztin in Weiterbildung in unserer Gemeinschaftspraxis<\/p><p><strong>04-08\/2019<\/strong><\/p><p>Anstellung als Fach\u00e4rztin f\u00fcr Allgemeinmedizin in unserer Gemeinschaftspraxis<\/p><p><strong>seit 08\/2019<\/strong><\/p><p>Niederlassung als Allgemein\u00e4rztin in der Gemeinschaftspraxis Schirrmann, Stellzig-Ullrich, Froihofer<\/p>\t\t\t\t\t\t\t\t<\/div>\n\t\t\t\t<\/div>\n\t\t\t\t<\/div>\n\t\t<div class=\"elementor-element elementor-element-9b08ffc e-con-full e-flex e-con e-child\" data-id=\"9b08ffc\" data-element_type=\"container\" data-e-type=\"container\">\n\t\t\t\t<div class=\"elementor-element elementor-element-d1f6c17 animated-slow elementor-invisible elementor-widget elementor-widget-image\" data-id=\"d1f6c17\" data-element_type=\"widget\" data-e-type=\"widget\" data-settings=\"{&quot;_animation&quot;:&quot;fadeInRight&quot;}\" data-widget_type=\"image.default\">\n\t\t\t\t<div class=\"elementor-widget-container\">\n\t\t\t\t\t\t\t\t\t\t\t\t\t\t\t<img fetchpriority=\"high\" decoding=\"async\" width=\"2560\" height=\"2560\" src=\"https:\/\/hausarzt-brackenheim.de\/wp-content\/uploads\/2025\/05\/RDR_0057_farbe-scaled.jpg\" class=\"attachment-full size-full wp-image-1131\" alt=\"\" srcset=\"https:\/\/hausarzt-brackenheim.de\/wp-content\/uploads\/2025\/05\/RDR_0057_farbe-scaled.jpg 2560w, https:\/\/hausarzt-brackenheim.de\/wp-content\/uploads\/2025\/05\/RDR_0057_farbe-300x300.jpg 300w, https:\/\/hausarzt-brackenheim.de\/wp-content\/uploads\/2025\/05\/RDR_0057_farbe-1024x1024.jpg 1024w, https:\/\/hausarzt-brackenheim.de\/wp-content\/uploads\/2025\/05\/RDR_0057_farbe-150x150.jpg 150w, https:\/\/hausarzt-brackenheim.de\/wp-content\/uploads\/2025\/05\/RDR_0057_farbe-768x768.jpg 768w, https:\/\/hausarzt-brackenheim.de\/wp-content\/uploads\/2025\/05\/RDR_0057_farbe-1536x1536.jpg 1536w, https:\/\/hausarzt-brackenheim.de\/wp-content\/uploads\/2025\/05\/RDR_0057_farbe-2048x2048.jpg 2048w\" sizes=\"(max-width: 2560px) 100vw, 2560px\" \/>\t\t\t\t\t\t\t\t\t\t\t\t\t\t\t<\/div>\n\t\t\t\t<\/div>\n\t\t\t\t<\/div>\n\t\t\t\t<\/div>\n\t\t\t\t<\/div>\n\t\t","protected":false},"excerpt":{"rendered":"<p>FRAU DR. FROIHOFER 2002-2008: Medizinstudium an der Universit\u00e4t T\u00fcbingen 2009: Klinische T\u00e4tigkeit an der Klinik Gesundbrunnen Heilbronn 2011-2013: Klinische T\u00e4tigkeit am Krankenhaus Brackenheim 2016-2019\u00c4rztin in Weiterbildung in unserer Gemeinschaftspraxis 04-08\/2019 Anstellung als Fach\u00e4rztin f\u00fcr Allgemeinmedizin in unserer Gemeinschaftspraxis seit 08\/2019 Niederlassung als Allgemein\u00e4rztin in der Gemeinschaftspraxis Schirrmann, Stellzig-Ullrich, Froihofer<\/p>\n","protected":false},"author":1,"featured_media":0,"parent":10,"menu_order":20,"comment_status":"closed","ping_status":"closed","template":"","meta":{"footnotes":""},"class_list":["post-14","page","type-page","status-publish","hentry"],"yoast_head":"<!-- This site is optimized with the Yoast SEO plugin v27.3 - https:\/\/yoast.com\/product\/yoast-seo-wordpress\/ -->\n<title>Frau Dr. med. Froihofer &#8226; Hausarztpraxis Brackenheim<\/title>\n<meta name=\"robots\" content=\"index, follow, max-snippet:-1, max-image-preview:large, max-video-preview:-1\" \/>\n<link rel=\"canonical\" href=\"https:\/\/hausarzt-brackenheim.de\/home.html\/ueber-uns-html\/frau-dr-med-froihofer-html\" \/>\n<meta property=\"og:locale\" content=\"de_DE\" \/>\n<meta property=\"og:type\" content=\"article\" \/>\n<meta property=\"og:title\" content=\"Frau Dr. med. Froihofer &#8226; Hausarztpraxis Brackenheim\" \/>\n<meta property=\"og:description\" content=\"FRAU DR. FROIHOFER 2002-2008: Medizinstudium an der Universit\u00e4t T\u00fcbingen 2009: Klinische T\u00e4tigkeit an der Klinik Gesundbrunnen Heilbronn 2011-2013: Klinische T\u00e4tigkeit am Krankenhaus Brackenheim 2016-2019\u00c4rztin in Weiterbildung in unserer Gemeinschaftspraxis 04-08\/2019 Anstellung als Fach\u00e4rztin f\u00fcr Allgemeinmedizin in unserer Gemeinschaftspraxis seit 08\/2019 Niederlassung als Allgemein\u00e4rztin in der Gemeinschaftspraxis Schirrmann, Stellzig-Ullrich, Froihofer\" \/>\n<meta property=\"og:url\" content=\"https:\/\/hausarzt-brackenheim.de\/home.html\/ueber-uns-html\/frau-dr-med-froihofer-html\" \/>\n<meta property=\"og:site_name\" content=\"Hausarztpraxis Brackenheim\" \/>\n<meta property=\"article:modified_time\" content=\"2025-05-20T13:52:10+00:00\" \/>\n<meta property=\"og:image\" content=\"https:\/\/hausarzt-brackenheim.de\/wp-content\/uploads\/2025\/05\/RDR_0057_farbe-scaled.jpg\" \/>\n\t<meta property=\"og:image:width\" content=\"2560\" \/>\n\t<meta property=\"og:image:height\" content=\"2560\" \/>\n\t<meta property=\"og:image:type\" content=\"image\/jpeg\" \/>\n<meta name=\"twitter:card\" content=\"summary_large_image\" \/>\n<meta name=\"twitter:label1\" content=\"Gesch\u00e4tzte Lesezeit\" \/>\n\t<meta name=\"twitter:data1\" content=\"1\u00a0Minute\" \/>\n<script type=\"application\/ld+json\" class=\"yoast-schema-graph\">{\"@context\":\"https:\\\/\\\/schema.org\",\"@graph\":[{\"@type\":\"WebPage\",\"@id\":\"https:\\\/\\\/hausarzt-brackenheim.de\\\/home.html\\\/ueber-uns-html\\\/frau-dr-med-froihofer-html\",\"url\":\"https:\\\/\\\/hausarzt-brackenheim.de\\\/home.html\\\/ueber-uns-html\\\/frau-dr-med-froihofer-html\",\"name\":\"Frau Dr. med. Froihofer &#8226; Hausarztpraxis Brackenheim\",\"isPartOf\":{\"@id\":\"https:\\\/\\\/hausarzt-brackenheim.de\\\/home.html\\\/#website\"},\"primaryImageOfPage\":{\"@id\":\"https:\\\/\\\/hausarzt-brackenheim.de\\\/home.html\\\/ueber-uns-html\\\/frau-dr-med-froihofer-html#primaryimage\"},\"image\":{\"@id\":\"https:\\\/\\\/hausarzt-brackenheim.de\\\/home.html\\\/ueber-uns-html\\\/frau-dr-med-froihofer-html#primaryimage\"},\"thumbnailUrl\":\"https:\\\/\\\/hausarzt-brackenheim.de\\\/wp-content\\\/uploads\\\/2025\\\/05\\\/RDR_0057_farbe-scaled.jpg\",\"datePublished\":\"2023-08-01T13:42:04+00:00\",\"dateModified\":\"2025-05-20T13:52:10+00:00\",\"breadcrumb\":{\"@id\":\"https:\\\/\\\/hausarzt-brackenheim.de\\\/home.html\\\/ueber-uns-html\\\/frau-dr-med-froihofer-html#breadcrumb\"},\"inLanguage\":\"de\",\"potentialAction\":[{\"@type\":\"ReadAction\",\"target\":[\"https:\\\/\\\/hausarzt-brackenheim.de\\\/home.html\\\/ueber-uns-html\\\/frau-dr-med-froihofer-html\"]}]},{\"@type\":\"ImageObject\",\"inLanguage\":\"de\",\"@id\":\"https:\\\/\\\/hausarzt-brackenheim.de\\\/home.html\\\/ueber-uns-html\\\/frau-dr-med-froihofer-html#primaryimage\",\"url\":\"https:\\\/\\\/hausarzt-brackenheim.de\\\/wp-content\\\/uploads\\\/2025\\\/05\\\/RDR_0057_farbe-scaled.jpg\",\"contentUrl\":\"https:\\\/\\\/hausarzt-brackenheim.de\\\/wp-content\\\/uploads\\\/2025\\\/05\\\/RDR_0057_farbe-scaled.jpg\"},{\"@type\":\"BreadcrumbList\",\"@id\":\"https:\\\/\\\/hausarzt-brackenheim.de\\\/home.html\\\/ueber-uns-html\\\/frau-dr-med-froihofer-html#breadcrumb\",\"itemListElement\":[{\"@type\":\"ListItem\",\"position\":1,\"name\":\"Home\",\"item\":\"https:\\\/\\\/hausarzt-brackenheim.de\\\/home.html\\\/\"},{\"@type\":\"ListItem\",\"position\":2,\"name\":\"\u00dcber uns\",\"item\":\"https:\\\/\\\/hausarzt-brackenheim.de\\\/home.html\\\/ueber-uns-html\"},{\"@type\":\"ListItem\",\"position\":3,\"name\":\"Frau Dr. med. Froihofer\"}]},{\"@type\":\"WebSite\",\"@id\":\"https:\\\/\\\/hausarzt-brackenheim.de\\\/home.html\\\/#website\",\"url\":\"https:\\\/\\\/hausarzt-brackenheim.de\\\/home.html\\\/\",\"name\":\"Hausarztpraxis Brackenheim\",\"description\":\"Dr. med. Stellzig-Ullrich | Dr. med. Froihofer | Dr. med. Schirrmann | Frau Schirrmann\",\"publisher\":{\"@id\":\"https:\\\/\\\/hausarzt-brackenheim.de\\\/home.html\\\/#organization\"},\"alternateName\":\"Hausarzt in Brackenheim\",\"potentialAction\":[{\"@type\":\"SearchAction\",\"target\":{\"@type\":\"EntryPoint\",\"urlTemplate\":\"https:\\\/\\\/hausarzt-brackenheim.de\\\/home.html\\\/?s={search_term_string}\"},\"query-input\":{\"@type\":\"PropertyValueSpecification\",\"valueRequired\":true,\"valueName\":\"search_term_string\"}}],\"inLanguage\":\"de\"},{\"@type\":\"Organization\",\"@id\":\"https:\\\/\\\/hausarzt-brackenheim.de\\\/home.html\\\/#organization\",\"name\":\"Hausarztpraxis Brackenheim\",\"url\":\"https:\\\/\\\/hausarzt-brackenheim.de\\\/home.html\\\/\",\"logo\":{\"@type\":\"ImageObject\",\"inLanguage\":\"de\",\"@id\":\"https:\\\/\\\/hausarzt-brackenheim.de\\\/home.html\\\/#\\\/schema\\\/logo\\\/image\\\/\",\"url\":\"https:\\\/\\\/hausarzt-brackenheim.de\\\/wp-content\\\/uploads\\\/2023\\\/07\\\/favicon-Schirrmann-Stellzig.png\",\"contentUrl\":\"https:\\\/\\\/hausarzt-brackenheim.de\\\/wp-content\\\/uploads\\\/2023\\\/07\\\/favicon-Schirrmann-Stellzig.png\",\"width\":512,\"height\":512,\"caption\":\"Hausarztpraxis Brackenheim\"},\"image\":{\"@id\":\"https:\\\/\\\/hausarzt-brackenheim.de\\\/home.html\\\/#\\\/schema\\\/logo\\\/image\\\/\"}}]}<\/script>\n<!-- \/ Yoast SEO plugin. -->","yoast_head_json":{"title":"Frau Dr. med. Froihofer &#8226; Hausarztpraxis Brackenheim","robots":{"index":"index","follow":"follow","max-snippet":"max-snippet:-1","max-image-preview":"max-image-preview:large","max-video-preview":"max-video-preview:-1"},"canonical":"https:\/\/hausarzt-brackenheim.de\/home.html\/ueber-uns-html\/frau-dr-med-froihofer-html","og_locale":"de_DE","og_type":"article","og_title":"Frau Dr. med. Froihofer &#8226; Hausarztpraxis Brackenheim","og_description":"FRAU DR. FROIHOFER 2002-2008: Medizinstudium an der Universit\u00e4t T\u00fcbingen 2009: Klinische T\u00e4tigkeit an der Klinik Gesundbrunnen Heilbronn 2011-2013: Klinische T\u00e4tigkeit am Krankenhaus Brackenheim 2016-2019\u00c4rztin in Weiterbildung in unserer Gemeinschaftspraxis 04-08\/2019 Anstellung als Fach\u00e4rztin f\u00fcr Allgemeinmedizin in unserer Gemeinschaftspraxis seit 08\/2019 Niederlassung als Allgemein\u00e4rztin in der Gemeinschaftspraxis Schirrmann, Stellzig-Ullrich, Froihofer","og_url":"https:\/\/hausarzt-brackenheim.de\/home.html\/ueber-uns-html\/frau-dr-med-froihofer-html","og_site_name":"Hausarztpraxis Brackenheim","article_modified_time":"2025-05-20T13:52:10+00:00","og_image":[{"width":2560,"height":2560,"url":"https:\/\/hausarzt-brackenheim.de\/wp-content\/uploads\/2025\/05\/RDR_0057_farbe-scaled.jpg","type":"image\/jpeg"}],"twitter_card":"summary_large_image","twitter_misc":{"Gesch\u00e4tzte Lesezeit":"1\u00a0Minute"},"schema":{"@context":"https:\/\/schema.org","@graph":[{"@type":"WebPage","@id":"https:\/\/hausarzt-brackenheim.de\/home.html\/ueber-uns-html\/frau-dr-med-froihofer-html","url":"https:\/\/hausarzt-brackenheim.de\/home.html\/ueber-uns-html\/frau-dr-med-froihofer-html","name":"Frau Dr. med. Froihofer &#8226; Hausarztpraxis Brackenheim","isPartOf":{"@id":"https:\/\/hausarzt-brackenheim.de\/home.html\/#website"},"primaryImageOfPage":{"@id":"https:\/\/hausarzt-brackenheim.de\/home.html\/ueber-uns-html\/frau-dr-med-froihofer-html#primaryimage"},"image":{"@id":"https:\/\/hausarzt-brackenheim.de\/home.html\/ueber-uns-html\/frau-dr-med-froihofer-html#primaryimage"},"thumbnailUrl":"https:\/\/hausarzt-brackenheim.de\/wp-content\/uploads\/2025\/05\/RDR_0057_farbe-scaled.jpg","datePublished":"2023-08-01T13:42:04+00:00","dateModified":"2025-05-20T13:52:10+00:00","breadcrumb":{"@id":"https:\/\/hausarzt-brackenheim.de\/home.html\/ueber-uns-html\/frau-dr-med-froihofer-html#breadcrumb"},"inLanguage":"de","potentialAction":[{"@type":"ReadAction","target":["https:\/\/hausarzt-brackenheim.de\/home.html\/ueber-uns-html\/frau-dr-med-froihofer-html"]}]},{"@type":"ImageObject","inLanguage":"de","@id":"https:\/\/hausarzt-brackenheim.de\/home.html\/ueber-uns-html\/frau-dr-med-froihofer-html#primaryimage","url":"https:\/\/hausarzt-brackenheim.de\/wp-content\/uploads\/2025\/05\/RDR_0057_farbe-scaled.jpg","contentUrl":"https:\/\/hausarzt-brackenheim.de\/wp-content\/uploads\/2025\/05\/RDR_0057_farbe-scaled.jpg"},{"@type":"BreadcrumbList","@id":"https:\/\/hausarzt-brackenheim.de\/home.html\/ueber-uns-html\/frau-dr-med-froihofer-html#breadcrumb","itemListElement":[{"@type":"ListItem","position":1,"name":"Home","item":"https:\/\/hausarzt-brackenheim.de\/home.html\/"},{"@type":"ListItem","position":2,"name":"\u00dcber uns","item":"https:\/\/hausarzt-brackenheim.de\/home.html\/ueber-uns-html"},{"@type":"ListItem","position":3,"name":"Frau Dr. med. Froihofer"}]},{"@type":"WebSite","@id":"https:\/\/hausarzt-brackenheim.de\/home.html\/#website","url":"https:\/\/hausarzt-brackenheim.de\/home.html\/","name":"Hausarztpraxis Brackenheim","description":"Dr. med. Stellzig-Ullrich | Dr. med. Froihofer | Dr. med. Schirrmann | Frau Schirrmann","publisher":{"@id":"https:\/\/hausarzt-brackenheim.de\/home.html\/#organization"},"alternateName":"Hausarzt in Brackenheim","potentialAction":[{"@type":"SearchAction","target":{"@type":"EntryPoint","urlTemplate":"https:\/\/hausarzt-brackenheim.de\/home.html\/?s={search_term_string}"},"query-input":{"@type":"PropertyValueSpecification","valueRequired":true,"valueName":"search_term_string"}}],"inLanguage":"de"},{"@type":"Organization","@id":"https:\/\/hausarzt-brackenheim.de\/home.html\/#organization","name":"Hausarztpraxis Brackenheim","url":"https:\/\/hausarzt-brackenheim.de\/home.html\/","logo":{"@type":"ImageObject","inLanguage":"de","@id":"https:\/\/hausarzt-brackenheim.de\/home.html\/#\/schema\/logo\/image\/","url":"https:\/\/hausarzt-brackenheim.de\/wp-content\/uploads\/2023\/07\/favicon-Schirrmann-Stellzig.png","contentUrl":"https:\/\/hausarzt-brackenheim.de\/wp-content\/uploads\/2023\/07\/favicon-Schirrmann-Stellzig.png","width":512,"height":512,"caption":"Hausarztpraxis Brackenheim"},"image":{"@id":"https:\/\/hausarzt-brackenheim.de\/home.html\/#\/schema\/logo\/image\/"}}]}},"_links":{"self":[{"href":"https:\/\/hausarzt-brackenheim.de\/home.html\/wp-json\/wp\/v2\/pages\/14","targetHints":{"allow":["GET"]}}],"collection":[{"href":"https:\/\/hausarzt-brackenheim.de\/home.html\/wp-json\/wp\/v2\/pages"}],"about":[{"href":"https:\/\/hausarzt-brackenheim.de\/home.html\/wp-json\/wp\/v2\/types\/page"}],"author":[{"embeddable":true,"href":"https:\/\/hausarzt-brackenheim.de\/home.html\/wp-json\/wp\/v2\/users\/1"}],"replies":[{"embeddable":true,"href":"https:\/\/hausarzt-brackenheim.de\/home.html\/wp-json\/wp\/v2\/comments?post=14"}],"version-history":[{"count":13,"href":"https:\/\/hausarzt-brackenheim.de\/home.html\/wp-json\/wp\/v2\/pages\/14\/revisions"}],"predecessor-version":[{"id":1151,"href":"https:\/\/hausarzt-brackenheim.de\/home.html\/wp-json\/wp\/v2\/pages\/14\/revisions\/1151"}],"up":[{"embeddable":true,"href":"https:\/\/hausarzt-brackenheim.de\/home.html\/wp-json\/wp\/v2\/pages\/10"}],"wp:attachment":[{"href":"https:\/\/hausarzt-brackenheim.de\/home.html\/wp-json\/wp\/v2\/media?parent=14"}],"curies":[{"name":"wp","href":"https:\/\/api.w.org\/{rel}","templated":true}]}}